{"id":13,"date":"2016-08-21T22:51:19","date_gmt":"2016-08-21T20:51:19","guid":{"rendered":"http:\/\/www.trachtenverein-sulzberg.at\/entwurf\/?page_id=13"},"modified":"2023-08-01T17:51:26","modified_gmt":"2023-08-01T15:51:26","slug":"verein","status":"publish","type":"page","link":"http:\/\/www.trachtenverein-sulzberg.at\/?page_id=13","title":{"rendered":"Verein"},"content":{"rendered":"<p>Nachdem im Jahre 2009 die Sulzberger Tracht in Zusammenarbeit mit dem Vorarlberger Landestrachtenverband erneuert wurde, sch\u00f6pften begeisterte Trachtentr\u00e4gerinnen aus unserem Dorf wieder Zuversicht, neuen Schwung in das Thema \u201eTrachten tragen\u201c zu bringen. Die Idee und der Wunsch nach einem eigenen Trachtenverein in Sulzberg fanden bald interessierte Anh\u00e4nger und so wurde am\u00a0 4. Oktober 2011 der TrachtenVereinSulzberg gegr\u00fcndet und als 54. Mitgliedsverein in den Vorarlberger Landestrachtenverband aufgenommen.<br \/>\nDer TrachtenVereinSulzberg ist ein Tr\u00e4gerverein und m\u00f6chte Frauen und M\u00e4nner aus unserem Dorf f\u00fcr unsere Tracht begeistern, sie zum Tracht-Tragen animieren, um gemeinsam in unserem Dorf Brauchtum und Tradition zu leben.<\/p>\n<p>&nbsp;<\/p>\n","protected":false},"excerpt":{"rendered":"<p>Nachdem im Jahre 2009 die Sulzberger Tracht in Zusammenarbeit mit dem Vorarlberger Landestrachtenverband erneuert wurde, sch\u00f6pften begeisterte Trachtentr\u00e4gerinnen aus unserem Dorf wieder Zuversicht, neuen Schwung in das Thema \u201eTrachten tragen\u201c zu bringen. Die Idee und der Wunsch nach einem eigenen Trachtenverein in Sulzberg fanden bald interessierte Anh\u00e4nger und so wurde am\u00a0 4. Oktober 2011 der [&hellip;]<\/p>\n","protected":false},"author":1,"featured_media":455,"parent":0,"menu_order":0,"comment_status":"closed","ping_status":"closed","template":"","meta":[],"_links":{"self":[{"href":"http:\/\/www.trachtenverein-sulzberg.at\/index.php?rest_route=\/wp\/v2\/pages\/13"}],"collection":[{"href":"http:\/\/www.trachtenverein-sulzberg.at\/index.php?rest_route=\/wp\/v2\/pages"}],"about":[{"href":"http:\/\/www.trachtenverein-sulzberg.at\/index.php?rest_route=\/wp\/v2\/types\/page"}],"author":[{"embeddable":true,"href":"http:\/\/www.trachtenverein-sulzberg.at\/index.php?rest_route=\/wp\/v2\/users\/1"}],"replies":[{"embeddable":true,"href":"http:\/\/www.trachtenverein-sulzberg.at\/index.php?rest_route=%2Fwp%2Fv2%2Fcomments&post=13"}],"version-history":[{"count":1,"href":"http:\/\/www.trachtenverein-sulzberg.at\/index.php?rest_route=\/wp\/v2\/pages\/13\/revisions"}],"predecessor-version":[{"id":213,"href":"http:\/\/www.trachtenverein-sulzberg.at\/index.php?rest_route=\/wp\/v2\/pages\/13\/revisions\/213"}],"wp:featuredmedia":[{"embeddable":true,"href":"http:\/\/www.trachtenverein-sulzberg.at\/index.php?rest_route=\/wp\/v2\/media\/455"}],"wp:attachment":[{"href":"http:\/\/www.trachtenverein-sulzberg.at\/index.php?rest_route=%2Fwp%2Fv2%2Fmedia&parent=13"}],"curies":[{"name":"wp","href":"https:\/\/api.w.org\/{rel}","templated":true}]}}