{"id":34,"date":"2016-08-26T21:36:30","date_gmt":"2016-08-26T19:36:30","guid":{"rendered":"http:\/\/www.trachtenverein-sulzberg.at\/entwurf\/?page_id=34"},"modified":"2016-11-09T22:21:50","modified_gmt":"2016-11-09T21:21:50","slug":"geschichte","status":"publish","type":"page","link":"http:\/\/www.trachtenverein-sulzberg.at\/?page_id=34","title":{"rendered":"Geschichte"},"content":{"rendered":"<p>Unser ehemaliger Pfarrer Herbert Hehle suchte nach einem passenden Kleidungsst\u00fcck f\u00fcr die Muttergottestr\u00e4gerinnen. Er hatte klare Vorstellungen, er wollte eine bodenst\u00e4ndige Tracht am Sulzberg. Er begann mit Fachleuten nachzuforschen, unter anderem mit Dr. Paul Rachbauer, und bald wurde klar, dass hier am Sulzberg bis in die 60er Jahre des 19. Jahrhunderts sehr wohl eine Tracht getragen wurde, diese aber \u00fcberhaupt nichts mit der Bregenzerw\u00e4lder-Tracht zu tun hatte, vielmehr konnte man Parallelen zur Tracht im Allg\u00e4u finden. Im Heimatmuseum in Weiler fanden sie ausgestellte Trachten dieser Zeit, die deutliche Gemeinsamkeiten mit den gefundenen Portraits von Sulzberg hatten. Dies wiederum hatte geschichtliche Hintergr\u00fcnde, denn weite Teile des Allg\u00e4us geh\u00f6rten von 1570 bis 1814 zum sogenannten \u201eVorder\u00f6sterreich\u201c.<br \/>\nAus all diesen historischen Unterlagen und \u00dcberlieferungen wurde dann unsere Sulzberger-Frauentracht entworfen.<br \/>\n1986 haben erstmals vier junge M\u00e4dchen aus unserem Dorf diese Tracht als Muttergottestr\u00e4gerinnen-Tracht getragen. Im Laufe der Jahre lie\u00dfen sich ungef\u00e4hr 40 Frauen eine Sulzberger Frauentracht anfertigen.<\/p>\n","protected":false},"excerpt":{"rendered":"<p>Unser ehemaliger Pfarrer Herbert Hehle suchte nach einem passenden Kleidungsst\u00fcck f\u00fcr die Muttergottestr\u00e4gerinnen. Er hatte klare Vorstellungen, er wollte eine bodenst\u00e4ndige Tracht am Sulzberg. Er begann mit Fachleuten nachzuforschen, unter anderem mit Dr. Paul Rachbauer, und bald wurde klar, dass hier am Sulzberg bis in die 60er Jahre des 19. Jahrhunderts sehr wohl eine Tracht [&hellip;]<\/p>\n","protected":false},"author":1,"featured_media":184,"parent":0,"menu_order":0,"comment_status":"closed","ping_status":"closed","template":"","meta":[],"_links":{"self":[{"href":"http:\/\/www.trachtenverein-sulzberg.at\/index.php?rest_route=\/wp\/v2\/pages\/34"}],"collection":[{"href":"http:\/\/www.trachtenverein-sulzberg.at\/index.php?rest_route=\/wp\/v2\/pages"}],"about":[{"href":"http:\/\/www.trachtenverein-sulzberg.at\/index.php?rest_route=\/wp\/v2\/types\/page"}],"author":[{"embeddable":true,"href":"http:\/\/www.trachtenverein-sulzberg.at\/index.php?rest_route=\/wp\/v2\/users\/1"}],"replies":[{"embeddable":true,"href":"http:\/\/www.trachtenverein-sulzberg.at\/index.php?rest_route=%2Fwp%2Fv2%2Fcomments&post=34"}],"version-history":[{"count":1,"href":"http:\/\/www.trachtenverein-sulzberg.at\/index.php?rest_route=\/wp\/v2\/pages\/34\/revisions"}],"predecessor-version":[{"id":210,"href":"http:\/\/www.trachtenverein-sulzberg.at\/index.php?rest_route=\/wp\/v2\/pages\/34\/revisions\/210"}],"wp:featuredmedia":[{"embeddable":true,"href":"http:\/\/www.trachtenverein-sulzberg.at\/index.php?rest_route=\/wp\/v2\/media\/184"}],"wp:attachment":[{"href":"http:\/\/www.trachtenverein-sulzberg.at\/index.php?rest_route=%2Fwp%2Fv2%2Fmedia&parent=34"}],"curies":[{"name":"wp","href":"https:\/\/api.w.org\/{rel}","templated":true}]}}