{"id":38,"date":"2016-08-26T21:37:05","date_gmt":"2016-08-26T19:37:05","guid":{"rendered":"http:\/\/www.trachtenverein-sulzberg.at\/entwurf\/?page_id=38"},"modified":"2016-11-09T23:30:11","modified_gmt":"2016-11-09T22:30:11","slug":"vorarlberg-tschoeple","status":"publish","type":"page","link":"http:\/\/www.trachtenverein-sulzberg.at\/?page_id=38","title":{"rendered":"Vorarlberg Tsch\u00f6ple"},"content":{"rendered":"<p>Das \u201eVorarlberg Tsch\u00f6ple\u201c ist ein offen getragener Janker und wird aus Loden, in den vier m\u00f6glichen Farben grau, blau, gr\u00fcn oder braun angefertigt. Dazu tr\u00e4gt der Herr eine lange, schwarze Hose und eine Trachtenhemd mit rundem Kragen. Ein schwarzer Wollbinder rundet das Bild ab.<br \/>\nDie Kanten des Vorderteils sind mit schwarzer Handstickerei und maschinengen\u00e4hten Rauten verziert, ebenso die Saumkante des \u00c4rmels.<br \/>\nDie Paspeltaschen und der Stehkragen werden aus schwarzem Loden gearbeitet und sind mit einem roten oder schwarzen \u201eSpiegel\u201c versehen. Im R\u00fcckenteil werden zwei Flankenn\u00e4hte und die r\u00fcckw\u00e4rtige Mittelnaht gearbeitet, welche in drei Quetschfalten enden.<\/p>\n<style id=\"bwg-style-0\">    #bwg_container1_0 #bwg_container2_0 .bwg-container-0.bwg-standard-thumbnails {      width: 754px;              justify-content: center;        margin:0 auto !important;              background-color: rgba(255, 255, 255, 0.00);            padding-left: 4px;      padding-top: 4px;      max-width: 100%;            }        #bwg_container1_0 #bwg_container2_0 .bwg-container-0.bwg-standard-thumbnails .bwg-item {    justify-content: flex-start;      max-width: 150px;            width: 150px !important;          }    #bwg_container1_0 #bwg_container2_0 .bwg-container-0.bwg-standard-thumbnails .bwg-item a {       margin-right: 4px;       margin-bottom: 4px;    }    #bwg_container1_0 #bwg_container2_0 .bwg-container-0.bwg-standard-thumbnails .bwg-item0 {      padding: 0px;            background-color:rgba(255,255,255, 0.30);      border: 0px none #CCCCCC;      opacity: 1.00;      border-radius: 0;      box-shadow: 0px 0px 0px #888888;    }    #bwg_container1_0 #bwg_container2_0 .bwg-container-0.bwg-standard-thumbnails .bwg-item1 img {      max-height: none;      max-width: none;      padding: 0 !important;    }        @media only screen and (min-width: 480px) {      #bwg_container1_0 #bwg_container2_0 .bwg-container-0.bwg-standard-thumbnails .bwg-item0 {        transition: all 0.3s ease 0s;-webkit-transition: all 0.3s ease 0s;      }      #bwg_container1_0 #bwg_container2_0 .bwg-container-0.bwg-standard-thumbnails .bwg-item0:hover {        -ms-transform: scale(1.1);        -webkit-transform: scale(1.1);        transform: scale(1.1);      }    }          #bwg_container1_0 #bwg_container2_0 .bwg-container-0.bwg-standard-thumbnails .bwg-item1 {      padding-top: 100%;    }        #bwg_container1_0 #bwg_container2_0 .bwg-container-0.bwg-standard-thumbnails .bwg-title2,    #bwg_container1_0 #bwg_container2_0 .bwg-container-0.bwg-standard-thumbnails .bwg-ecommerce2 {      color: #CCCCCC;      font-family: segoe ui;      font-size: 16px;      font-weight: bold;      padding: 2px;      text-shadow: 0px 0px 0px #888888;      max-height: 100%;    }    #bwg_container1_0 #bwg_container2_0 .bwg-container-0.bwg-standard-thumbnails .bwg-thumb-description span {    color: #323A45;    font-family: Ubuntu;    font-size: 12px;    max-height: 100%;    word-wrap: break-word;    }    #bwg_container1_0 #bwg_container2_0 .bwg-container-0.bwg-standard-thumbnails .bwg-play-icon2 {      font-size: 32px;    }    #bwg_container1_0 #bwg_container2_0 .bwg-container-0.bwg-standard-thumbnails .bwg-ecommerce2 {      font-size: 19.2px;      color: #CCCCCC;    }    <\/style>    <div id=\"bwg_container1_0\"         class=\"bwg_container bwg_thumbnail bwg_thumbnails \"         data-right-click-protection=\"0\"         data-bwg=\"0\"         data-scroll=\"0\"         data-gallery-type=\"thumbnails\"         data-gallery-view-type=\"thumbnails\"         data-current-url=\"\/index.php?rest_route=%2Fwp%2Fv2%2Fpages%2F38\"         data-lightbox-url=\"http:\/\/www.trachtenverein-sulzberg.at\/wp-admin\/admin-ajax.php?action=GalleryBox&#038;current_view=0&#038;gallery_id=14&#038;tag=0&#038;theme_id=1&#038;shortcode_id=10&#038;sort_by=order&#038;order_by=asc&#038;current_url=%2Findex.php%3Frest_route%3D%252Fwp%252Fv2%252Fpages%252F38\"         data-gallery-id=\"14\"         data-popup-width=\"800\"         data-popup-height=\"500\"         data-is-album=\"gallery\"         data-buttons-position=\"bottom\">      <div id=\"bwg_container2_0\">             <div id=\"ajax_loading_0\" class=\"bwg_loading_div_1\">      <div class=\"bwg_loading_div_2\">        <div class=\"bwg_loading_div_3\">          <div id=\"loading_div_0\" class=\"bwg_spider_ajax_loading\">          <\/div>        <\/div>      <\/div>    <\/div>            <form id=\"gal_front_form_0\"              class=\"bwg-hidden\"              method=\"post\"              action=\"#\"              data-current=\"0\"              data-shortcode-id=\"10\"              data-gallery-type=\"thumbnails\"              data-gallery-id=\"14\"              data-tag=\"0\"              data-album-id=\"0\"              data-theme-id=\"1\"              data-ajax-url=\"http:\/\/www.trachtenverein-sulzberg.at\/wp-admin\/admin-ajax.php?action=bwg_frontend_data\">          <div id=\"bwg_container3_0\" class=\"bwg-background bwg-background-0\">                <div data-max-count=\"5\"         data-thumbnail-width=\"150\"         data-bwg=\"0\"         data-gallery-id=\"14\"         data-lightbox-url=\"http:\/\/www.trachtenverein-sulzberg.at\/wp-admin\/admin-ajax.php?action=GalleryBox&amp;current_view=0&amp;gallery_id=14&amp;tag=0&amp;theme_id=1&amp;shortcode_id=10&amp;sort_by=order&amp;order_by=asc&amp;current_url=%2Findex.php%3Frest_route%3D%252Fwp%252Fv2%252Fpages%252F38\"         id=\"bwg_thumbnails_0\"         class=\"bwg-container-0 bwg-thumbnails bwg-standard-thumbnails bwg-container bwg-border-box\">            <div class=\"bwg-item\">        <a class=\"bwg-a  bwg_lightbox\"  data-image-id=\"266\" href=\"http:\/\/www.trachtenverein-sulzberg.at\/wp-content\/uploads\/photo-gallery\/Tsch\u00f6pple.jpg\" data-elementor-open-lightbox=\"no\">                <div class=\"bwg-item0 \">          <div class=\"bwg-item1 \">            <div class=\"bwg-item2\">              <img class=\"skip-lazy bwg_standart_thumb_img_0 \"                   data-id=\"266\"                   data-width=\"\"                   data-height=\"\"                   data-src=\"http:\/\/www.trachtenverein-sulzberg.at\/wp-content\/uploads\/photo-gallery\/thumb\/Tsch\u00f6pple.jpg\"                   src=\"http:\/\/www.trachtenverein-sulzberg.at\/wp-content\/uploads\/photo-gallery\/thumb\/Tsch\u00f6pple.jpg\"                   alt=\"Tsch\u00f6pple\"                   title=\"Tsch\u00f6pple\" \/>            <\/div>            <div class=\"\">                                                      <\/div>          <\/div>        <\/div>                        <\/a>              <\/div>            <div class=\"bwg-item\">        <a class=\"bwg-a  bwg_lightbox\"  data-image-id=\"265\" href=\"http:\/\/www.trachtenverein-sulzberg.at\/wp-content\/uploads\/photo-gallery\/R\u00fcckseite%20(1).jpg\" data-elementor-open-lightbox=\"no\">                <div class=\"bwg-item0 \">          <div class=\"bwg-item1 \">            <div class=\"bwg-item2\">              <img class=\"skip-lazy bwg_standart_thumb_img_0 \"                   data-id=\"265\"                   data-width=\"\"                   data-height=\"\"                   data-src=\"http:\/\/www.trachtenverein-sulzberg.at\/wp-content\/uploads\/photo-gallery\/thumb\/R\u00fcckseite%20(1).jpg\"                   src=\"http:\/\/www.trachtenverein-sulzberg.at\/wp-content\/uploads\/photo-gallery\/thumb\/R\u00fcckseite%20(1).jpg\"                   alt=\"R\u00fcckseite (1)\"                   title=\"R\u00fcckseite (1)\" \/>            <\/div>            <div class=\"\">                                                      <\/div>          <\/div>        <\/div>                        <\/a>              <\/div>            <div class=\"bwg-item\">        <a class=\"bwg-a  bwg_lightbox\"  data-image-id=\"264\" href=\"http:\/\/www.trachtenverein-sulzberg.at\/wp-content\/uploads\/photo-gallery\/Vorderseite.jpg\" data-elementor-open-lightbox=\"no\">                <div class=\"bwg-item0 \">          <div class=\"bwg-item1 \">            <div class=\"bwg-item2\">              <img class=\"skip-lazy bwg_standart_thumb_img_0 \"                   data-id=\"264\"                   data-width=\"\"                   data-height=\"\"                   data-src=\"http:\/\/www.trachtenverein-sulzberg.at\/wp-content\/uploads\/photo-gallery\/thumb\/Vorderseite.jpg\"                   src=\"http:\/\/www.trachtenverein-sulzberg.at\/wp-content\/uploads\/photo-gallery\/thumb\/Vorderseite.jpg\"                   alt=\"Vorderseite\"                   title=\"Vorderseite\" \/>            <\/div>            <div class=\"\">                                                      <\/div>          <\/div>        <\/div>                        <\/a>              <\/div>          <\/div>    <style>      \/*pagination styles*\/      #bwg_container1_0 #bwg_container2_0 .tablenav-pages_0 {\t\t\t\ttext-align: center;\t\t\t\tfont-size: 12px;\t\t\t\tfont-family: segoe ui;\t\t\t\tfont-weight: bold;\t\t\t\tcolor: #666666;\t\t\t\tmargin: 6px 0 4px;\t\t\t\tdisplay: block;      }      @media only screen and (max-width : 320px) {      #bwg_container1_0 #bwg_container2_0 .displaying-num_0 {     \t display: none;      }      }      #bwg_container1_0 #bwg_container2_0 .displaying-num_0 {\t\t\t\tfont-size: 12px;\t\t\t\tfont-family: segoe ui;\t\t\t\tfont-weight: bold;\t\t\t\tcolor: #666666;\t\t\t\tmargin-right: 10px;\t\t\t\tvertical-align: middle;      }      #bwg_container1_0 #bwg_container2_0 .paging-input_0 {\t\t\t\tfont-size: 12px;\t\t\t\tfont-family: segoe ui;\t\t\t\tfont-weight: bold;\t\t\t\tcolor: #666666;\t\t\t\tvertical-align: middle;      }      #bwg_container1_0 #bwg_container2_0 .tablenav-pages_0 a.disabled,      #bwg_container1_0 #bwg_container2_0 .tablenav-pages_0 a.disabled:hover,      #bwg_container1_0 #bwg_container2_0 .tablenav-pages_0 a.disabled:focus,\t\t\t#bwg_container1_0 #bwg_container2_0 .tablenav-pages_0 input.bwg_current_page {\t\t\t\tcursor: default;\t\t\t\tcolor: rgba(102, 102, 102, 0.5);      }      #bwg_container1_0 #bwg_container2_0 .tablenav-pages_0 a,      #bwg_container1_0 #bwg_container2_0 .tablenav-pages_0 input.bwg_current_page {\t\t\t\tcursor: pointer;\t\t\t\ttext-align: center;\t\t\t\tfont-size: 12px;\t\t\t\tfont-family: segoe ui;\t\t\t\tfont-weight: bold;\t\t\t\tcolor: #666666;\t\t\t\ttext-decoration: none;\t\t\t\tpadding: 3px 6px;\t\t\t\tmargin: 0;\t\t\t\tborder-radius: 0;\t\t\t\tborder-style: solid;\t\t\t\tborder-width: 1px;\t\t\t\tborder-color: #E3E3E3;\t\t\t\t\t\t\t\tbackground-color: rgba(255, 255, 255, 1.00);\t\t\t\tbox-shadow: 0;\t\t\t\ttransition: all 0.3s ease 0s;-webkit-transition: all 0.3s ease 0s;      }      <\/style>      <span class=\"bwg_nav_cont_0\">              <div class=\"tablenav-pages_0\">                  <\/div>                <input type=\"hidden\" id=\"page_number_0\" name=\"page_number_0\" value=\"1\" \/>      <script type=\"text\/javascript\">        if( jQuery('.bwg_nav_cont_0').length > 1 ) {          jQuery('.bwg_nav_cont_0').first().remove()        }        function spider_page_0(cur, x, y, load_more) {          if (typeof load_more == \"undefined\") {            var load_more = false;          }          if (jQuery(cur).hasClass('disabled')) {            return false;          }          var items_county_0 = 1;          switch (y) {            case 1:              if (x >= items_county_0) {                document.getElementById('page_number_0').value = items_county_0;              }              else {                document.getElementById('page_number_0').value = x + 1;              }              break;            case 2:              document.getElementById('page_number_0').value = items_county_0;              break;            case -1:              if (x == 1) {                document.getElementById('page_number_0').value = 1;              }              else {                document.getElementById('page_number_0').value = x - 1;              }              break;            case -2:              document.getElementById('page_number_0').value = 1;              break;\t\t\t\t\t\tcase 0:              document.getElementById('page_number_0').value = x;              break;            default:              document.getElementById('page_number_0').value = 1;          }          bwg_ajax('gal_front_form_0', '0', 'bwg_thumbnails_0', '0', '', 'gallery', 0, '', '', load_more, '', 1);        }                    jQuery('.first-page-0').on('click', function () {              spider_page_0(this, 1, -2, 'numeric');              return false;            });            jQuery('.prev-page-0').on('click', function () {              spider_page_0(this, 1, -1, 'numeric');              return false;            });            jQuery('.next-page-0').on('click', function () {              spider_page_0(this, 1, 1, 'numeric');              return false;            });            jQuery('.last-page-0').on('click', function () {              spider_page_0(this, 1, 2, 'numeric');              return false;            });        \t\t\t\t\/* Change page on input enter. *\/        function bwg_change_page_0( e, that ) {          if (  e.key == 'Enter' ) {            var to_page = parseInt(jQuery(that).val());            var pages_count = jQuery(that).parents(\".pagination-links\").data(\"pages-count\");            var current_url_param = jQuery(that).attr('data-url-info');            if (to_page > pages_count) {              to_page = 1;            }\t \t\t\t\t\t\t\t\t\t\t\t\tspider_page_0(this, to_page, 0, 'numeric');\t\t\t\t\t\t\treturn false;\t\t\t\t\t\t          }          return true;        }        jQuery('.bwg_load_btn_0').on('click', function () {            spider_page_0(this, 1, 1, true);            return false;        });      <\/script>      <\/span>                <\/div>        <\/form>        <style>          #bwg_container1_0 #bwg_container2_0 #spider_popup_overlay_0 {          background-color: #000000;          opacity: 0.70;          }          <\/style>        <div id=\"bwg_spider_popup_loading_0\" class=\"bwg_spider_popup_loading\"><\/div>        <div id=\"spider_popup_overlay_0\" class=\"spider_popup_overlay\" onclick=\"spider_destroypopup(1000)\"><\/div>        <input type=\"hidden\" id=\"bwg_random_seed_0\" value=\"307676122\">                <\/div>    <\/div>    <script>      if (document.readyState === 'complete') {        if( typeof bwg_main_ready == 'function' ) {          if ( jQuery(\"#bwg_container1_0\").height() ) {            bwg_main_ready(jQuery(\"#bwg_container1_0\"));          }        }      } else {        document.addEventListener('DOMContentLoaded', function() {          if( typeof bwg_main_ready == 'function' ) {            if ( jQuery(\"#bwg_container1_0\").height() ) {             bwg_main_ready(jQuery(\"#bwg_container1_0\"));            }          }        });      }    <\/script>    \n","protected":false},"excerpt":{"rendered":"<p>Das \u201eVorarlberg Tsch\u00f6ple\u201c ist ein offen getragener Janker und wird aus Loden, in den vier m\u00f6glichen Farben grau, blau, gr\u00fcn oder braun angefertigt. Dazu tr\u00e4gt der Herr eine lange, schwarze Hose und eine Trachtenhemd mit rundem Kragen. Ein schwarzer Wollbinder rundet das Bild ab. Die Kanten des Vorderteils sind mit schwarzer Handstickerei und maschinengen\u00e4hten Rauten [&hellip;]<\/p>\n","protected":false},"author":1,"featured_media":215,"parent":0,"menu_order":0,"comment_status":"closed","ping_status":"closed","template":"","meta":[],"_links":{"self":[{"href":"http:\/\/www.trachtenverein-sulzberg.at\/index.php?rest_route=\/wp\/v2\/pages\/38"}],"collection":[{"href":"http:\/\/www.trachtenverein-sulzberg.at\/index.php?rest_route=\/wp\/v2\/pages"}],"about":[{"href":"http:\/\/www.trachtenverein-sulzberg.at\/index.php?rest_route=\/wp\/v2\/types\/page"}],"author":[{"embeddable":true,"href":"http:\/\/www.trachtenverein-sulzberg.at\/index.php?rest_route=\/wp\/v2\/users\/1"}],"replies":[{"embeddable":true,"href":"http:\/\/www.trachtenverein-sulzberg.at\/index.php?rest_route=%2Fwp%2Fv2%2Fcomments&post=38"}],"version-history":[{"count":1,"href":"http:\/\/www.trachtenverein-sulzberg.at\/index.php?rest_route=\/wp\/v2\/pages\/38\/revisions"}],"predecessor-version":[{"id":216,"href":"http:\/\/www.trachtenverein-sulzberg.at\/index.php?rest_route=\/wp\/v2\/pages\/38\/revisions\/216"}],"wp:featuredmedia":[{"embeddable":true,"href":"http:\/\/www.trachtenverein-sulzberg.at\/index.php?rest_route=\/wp\/v2\/media\/215"}],"wp:attachment":[{"href":"http:\/\/www.trachtenverein-sulzberg.at\/index.php?rest_route=%2Fwp%2Fv2%2Fmedia&parent=38"}],"curies":[{"name":"wp","href":"https:\/\/api.w.org\/{rel}","templated":true}]}}